{"id":818,"date":"2023-10-30T18:17:14","date_gmt":"2023-10-30T17:17:14","guid":{"rendered":"https:\/\/especesdespaces.com\/EE\/?page_id=818"},"modified":"2026-04-14T09:58:34","modified_gmt":"2026-04-14T07:58:34","slug":"la-compagnie","status":"publish","type":"page","link":"https:\/\/especesdespaces.com\/EE\/la-compagnie\/","title":{"rendered":"La compagnie"},"content":{"rendered":"\t\t<div data-elementor-type=\"wp-page\" data-elementor-id=\"818\" class=\"elementor elementor-818\">\n\t\t\t\t\t\t\t<div class=\"elementor-element elementor-element-651c290c e-flex e-con-boxed e-con e-child\" data-id=\"651c290c\" data-element_type=\"container\" data-settings=\"{&quot;content_width&quot;:&quot;boxed&quot;}\">\n\t\t\t\t\t<div class=\"e-con-inner\">\n\t\t\t\t<div class=\"elementor-element elementor-element-2d06002 elementor-widget elementor-widget-heading\" data-id=\"2d06002\" data-element_type=\"widget\" data-widget_type=\"heading.default\">\n\t\t\t\t<div class=\"elementor-widget-container\">\n\t\t\t<style>\/*! elementor - v3.17.0 - 08-11-2023 *\/\n.elementor-heading-title{padding:0;margin:0;line-height:1}.elementor-widget-heading .elementor-heading-title[class*=elementor-size-]>a{color:inherit;font-size:inherit;line-height:inherit}.elementor-widget-heading .elementor-heading-title.elementor-size-small{font-size:15px}.elementor-widget-heading .elementor-heading-title.elementor-size-medium{font-size:19px}.elementor-widget-heading .elementor-heading-title.elementor-size-large{font-size:29px}.elementor-widget-heading .elementor-heading-title.elementor-size-xl{font-size:39px}.elementor-widget-heading .elementor-heading-title.elementor-size-xxl{font-size:59px}<\/style><h2 class=\"elementor-heading-title elementor-size-default\">La compagnie<\/h2>\t\t<\/div>\n\t\t\t\t<\/div>\n\t\t\t\t\t<\/div>\n\t\t\t\t<\/div>\n\t\t<div class=\"elementor-element elementor-element-33d7dc5 e-flex e-con-boxed e-con e-parent\" data-id=\"33d7dc5\" data-element_type=\"container\" data-settings=\"{&quot;content_width&quot;:&quot;boxed&quot;}\" data-core-v316-plus=\"true\">\n\t\t\t\t\t<div class=\"e-con-inner\">\n\t\t\t\t<div class=\"elementor-element elementor-element-3f0beb5 elementor-widget__width-initial elementor-widget elementor-widget-image\" data-id=\"3f0beb5\" data-element_type=\"widget\" data-widget_type=\"image.default\">\n\t\t\t\t<div class=\"elementor-widget-container\">\n\t\t\t<style>\/*! elementor - v3.17.0 - 08-11-2023 *\/\n.elementor-widget-image{text-align:center}.elementor-widget-image a{display:inline-block}.elementor-widget-image a img[src$=\".svg\"]{width:48px}.elementor-widget-image img{vertical-align:middle;display:inline-block}<\/style>\t\t\t\t\t\t\t\t\t\t\t\t<img loading=\"lazy\" decoding=\"async\" width=\"1024\" height=\"683\" src=\"https:\/\/especesdespaces.com\/EE\/wp-content\/uploads\/2023\/10\/IMG_2233-1024x683.jpg\" class=\"attachment-large size-large wp-image-801\" alt=\"Jean-Marc et Florentin\" srcset=\"https:\/\/especesdespaces.com\/EE\/wp-content\/uploads\/2023\/10\/IMG_2233-1024x683.jpg 1024w, https:\/\/especesdespaces.com\/EE\/wp-content\/uploads\/2023\/10\/IMG_2233-300x200.jpg 300w, https:\/\/especesdespaces.com\/EE\/wp-content\/uploads\/2023\/10\/IMG_2233-768x512.jpg 768w, https:\/\/especesdespaces.com\/EE\/wp-content\/uploads\/2023\/10\/IMG_2233-1536x1024.jpg 1536w, https:\/\/especesdespaces.com\/EE\/wp-content\/uploads\/2023\/10\/IMG_2233.jpg 1600w\" sizes=\"auto, (max-width: 1024px) 100vw, 1024px\" \/>\t\t\t\t\t\t\t\t\t\t\t\t\t\t\t<\/div>\n\t\t\t\t<\/div>\n\t\t<div class=\"elementor-element elementor-element-cc73078 e-con-full e-flex e-con e-child\" data-id=\"cc73078\" data-element_type=\"container\" data-settings=\"{&quot;content_width&quot;:&quot;full&quot;}\">\n\t\t\t\t<div class=\"elementor-element elementor-element-4f8534f0 elementor-widget__width-initial elementor-widget elementor-widget-text-editor\" data-id=\"4f8534f0\" data-element_type=\"widget\" data-widget_type=\"text-editor.default\">\n\t\t\t\t<div class=\"elementor-widget-container\">\n\t\t\t<style>\/*! elementor - v3.17.0 - 08-11-2023 *\/\n.elementor-widget-text-editor.elementor-drop-cap-view-stacked .elementor-drop-cap{background-color:#69727d;color:#fff}.elementor-widget-text-editor.elementor-drop-cap-view-framed .elementor-drop-cap{color:#69727d;border:3px solid;background-color:transparent}.elementor-widget-text-editor:not(.elementor-drop-cap-view-default) .elementor-drop-cap{margin-top:8px}.elementor-widget-text-editor:not(.elementor-drop-cap-view-default) .elementor-drop-cap-letter{width:1em;height:1em}.elementor-widget-text-editor .elementor-drop-cap{float:left;text-align:center;line-height:1;font-size:50px}.elementor-widget-text-editor .elementor-drop-cap-letter{display:inline-block}<\/style>\t\t\t\t<p>Esp\u00e8ces d&rsquo;Espaces, c\u2019est la rencontre de deux univers, celui du cin\u00e9ma et celui de la sc\u00e9nographie, incarn\u00e9s par Jean-Marc Besenval, r\u00e9alisateur-vid\u00e9aste, et Florentin Guesdon, sc\u00e9nographe-concepteur. Esp\u00e8ces d&rsquo;Espaces d\u00e9veloppe des formes spectaculaires hybrides m\u00ealant cin\u00e9ma live, cr\u00e9ation sonore, th\u00e9\u00e2tre et installations sc\u00e9nographiques.<br \/>Les dispositifs sont pens\u00e9s pour et avec les participants. Le but :\u00a0r\u00e9v\u00e9ler la po\u00e9sie des espaces du quotidien pour en faire \u00e9merger\u00a0des histoires fabriqu\u00e9es autour d\u2019un imaginaire commun.<\/p>\t\t\t\t\t\t<\/div>\n\t\t\t\t<\/div>\n\t\t\t\t<\/div>\n\t\t\t\t\t<\/div>\n\t\t\t\t<\/div>\n\t\t<div class=\"elementor-element elementor-element-5acfff2 e-flex e-con-boxed e-con e-parent\" data-id=\"5acfff2\" data-element_type=\"container\" data-settings=\"{&quot;content_width&quot;:&quot;boxed&quot;}\" data-core-v316-plus=\"true\">\n\t\t\t\t\t<div class=\"e-con-inner\">\n\t\t<div class=\"elementor-element elementor-element-d52285f e-flex e-con-boxed e-con e-child\" data-id=\"d52285f\" data-element_type=\"container\" data-settings=\"{&quot;content_width&quot;:&quot;boxed&quot;}\">\n\t\t\t\t\t<div class=\"e-con-inner\">\n\t\t\t\t<div class=\"elementor-element elementor-element-26e32c4 elementor-widget elementor-widget-heading\" data-id=\"26e32c4\" data-element_type=\"widget\" data-widget_type=\"heading.default\">\n\t\t\t\t<div class=\"elementor-widget-container\">\n\t\t\t<h2 class=\"elementor-heading-title elementor-size-default\">Regard dans le r\u00e9tro<\/h2>\t\t<\/div>\n\t\t\t\t<\/div>\n\t\t\t\t\t<\/div>\n\t\t\t\t<\/div>\n\t\t\t\t\t<\/div>\n\t\t\t\t<\/div>\n\t\t<div class=\"elementor-element elementor-element-8367c93 e-flex e-con-boxed e-con e-parent\" data-id=\"8367c93\" data-element_type=\"container\" data-settings=\"{&quot;content_width&quot;:&quot;boxed&quot;}\" data-core-v316-plus=\"true\">\n\t\t\t\t\t<div class=\"e-con-inner\">\n\t\t\t\t<div class=\"elementor-element elementor-element-10b3691 elementor-widget elementor-widget-text-editor\" data-id=\"10b3691\" data-element_type=\"widget\" data-widget_type=\"text-editor.default\">\n\t\t\t\t<div class=\"elementor-widget-container\">\n\t\t\t\t\t\t\t<p class=\"MsoNormal\">Au commencement, il y a l\u2019envie d\u2019un studio de cin\u00e9ma en effervescence et ouvert au grand public. Ainsi surgit le <b>cin\u00e9ma-vivant<\/b>, n\u00e9 de la rencontre entre Jean-Marc Besenval, r\u00e9alisateur, et Florentin Guesdon, sc\u00e9nographe.<\/p><p class=\"MsoNormal\">Avec <b><i>Nuit Filante<\/i><\/b> (2019) et <b><i>Kino Cabaret<\/i><\/b> (2021), Esp\u00e8ces d\u2019Espaces fait ses armes et orchestre deux performances grand format qui embarquent des dizaines, voire centaines de spectateurs dans l\u2019univers du cin\u00e9ma, le temps de journ\u00e9es-marathon filmiques et festives.<\/p><p class=\"MsoNormal\">En 2020, en pleine pand\u00e9mie, Esp\u00e8ces d\u2019Espaces imagine des formats performatifs et participatifs \u00e0 l\u2019\u00e9chelle d\u2019un immeuble avec <b><i>A vos fen\u00eatres<\/i><\/b>, tandis que les \u201ctableaux vivants\u201d et autres dispositifs s\u2019amusent des lieux et de leurs usages : <b><i>Lieu(x) Commun(s), Choeurs Naufrag\u00e9s<\/i><\/b><i>, &#8230; <\/i><\/p><p class=\"MsoNormal\">Avec <b><i>Avant l\u2019Aube<\/i><\/b> (2023), le collectif passe \u00e0 la fiction et \u00e9crit sa premi\u00e8re cr\u00e9ation in situ, dans son quartier-berceau, la Caserne Mellinet \u00e0 Nantes. Une d\u00e9ambulation sous casque qui lui donne plus que jamais le go\u00fbt du vrai-faux et des artifices de cin\u00e9ma.<\/p><p class=\"MsoNormal\">Entre 2023 et 2024, Esp\u00e8ces d\u2019Espaces prend la cl\u00e9 des champs et p\u00e9dale dans les monts du Cantal, collectant et filmant ses paysages et ses habitants. En point d\u2019orgue de ce projet de territoire d\u2019un an, un road-movie volcanique, <b><i>Chemin Faisant<\/i><\/b>, spectacle diffus\u00e9 dans 6 communes du Cantal.<\/p><p class=\"MsoNormal\">L\u2019ann\u00e9e suivante, le collectif confirme son amour pour les projets contextuels de temps long, au plus pr\u00e8s des habitants, avec l\u2019exploration du vignoble nantais et sa mise en fiction dans un polar de territoire : <b><i>Enqu\u00eate sur Lie<\/i><\/b>.<\/p><p class=\"MsoNormal\">En 2025, Esp\u00e8ces d\u2019Espaces fait son \u201ccoming-out\u201d : la compagnie appartient bien \u00e0 la grande famille des arts de la rue et fait son entr\u00e9e au festival d\u2019Aurillac (In) avec sa cr\u00e9ation <b><i>En attendant la Vague<\/i><\/b>.<\/p>\t\t\t\t\t\t<\/div>\n\t\t\t\t<\/div>\n\t\t\t\t\t<\/div>\n\t\t\t\t<\/div>\n\t\t<div class=\"elementor-element elementor-element-c87ce4a e-flex e-con-boxed e-con e-parent\" data-id=\"c87ce4a\" data-element_type=\"container\" data-settings=\"{&quot;content_width&quot;:&quot;boxed&quot;}\" data-core-v316-plus=\"true\">\n\t\t\t\t\t<div class=\"e-con-inner\">\n\t\t\t\t<div class=\"elementor-element elementor-element-991b6ed elementor-widget elementor-widget-heading\" data-id=\"991b6ed\" data-element_type=\"widget\" data-widget_type=\"heading.default\">\n\t\t\t\t<div class=\"elementor-widget-container\">\n\t\t\t<h2 class=\"elementor-heading-title elementor-size-default\">L'\u00e9quipe<\/h2>\t\t<\/div>\n\t\t\t\t<\/div>\n\t\t\t\t<div class=\"elementor-element elementor-element-33130fb elementor-widget elementor-widget-text-editor\" data-id=\"33130fb\" data-element_type=\"widget\" data-widget_type=\"text-editor.default\">\n\t\t\t\t<div class=\"elementor-widget-container\">\n\t\t\t\t\t\t\t<p>Jean Marc Besenval et Florentin Guesdon cr\u00e9ent Esp\u00e8ces d&rsquo;Espaces\u00a0<span style=\"font-style: inherit; font-weight: inherit; text-align: var(--text-align); background-color: var( --e-global-color-astglobalcolor5 ); color: var(--ast-global-color-3);\">en 2020 et ouvrent ainsi une nouvelle \u00e9tape de leur collaboration.\u00a0<\/span><span style=\"font-style: inherit; font-weight: inherit; text-align: var(--text-align); background-color: var( --e-global-color-astglobalcolor5 ); color: var(--ast-global-color-3);\">Ils portent ensemble la co-direction artistique du collectif qui,\u00a0<\/span><span style=\"font-style: inherit; font-weight: inherit; text-align: var(--text-align); color: var(--ast-global-color-3); background-color: var( --e-global-color-astglobalcolor5 );\">au fil des projets, se compose de diff\u00e9rents collaborateurs artistes\u00a0<\/span><span style=\"font-style: inherit; font-weight: inherit; text-align: var(--text-align); background-color: var( --e-global-color-astglobalcolor5 ); color: var(--ast-global-color-3);\">et techniciens issus du spectacle vivant et de l\u2019audiovisuel<\/span><span style=\"font-style: inherit; font-weight: inherit; text-align: var(--text-align); color: var(--ast-global-color-3); background-color: var( --e-global-color-astglobalcolor5 );\">.<\/span><\/p>\t\t\t\t\t\t<\/div>\n\t\t\t\t<\/div>\n\t\t\t\t\t<\/div>\n\t\t\t\t<\/div>\n\t\t<div class=\"elementor-element elementor-element-36b06d90 e-flex e-con-boxed e-con e-parent\" data-id=\"36b06d90\" data-element_type=\"container\" data-settings=\"{&quot;content_width&quot;:&quot;boxed&quot;}\" data-core-v316-plus=\"true\">\n\t\t\t\t\t<div class=\"e-con-inner\">\n\t\t<div class=\"elementor-element elementor-element-a18879 e-con-full e-flex e-con e-child\" data-id=\"a18879\" data-element_type=\"container\" data-settings=\"{&quot;content_width&quot;:&quot;full&quot;}\">\n\t\t\t\t<div class=\"elementor-element elementor-element-7d0ada6e elementor-widget elementor-widget-heading\" data-id=\"7d0ada6e\" data-element_type=\"widget\" data-widget_type=\"heading.default\">\n\t\t\t\t<div class=\"elementor-widget-container\">\n\t\t\t<h3 class=\"elementor-heading-title elementor-size-default\">Jean-Marc Besenval<\/h3>\t\t<\/div>\n\t\t\t\t<\/div>\n\t\t\t\t<div class=\"elementor-element elementor-element-234a7058 elementor-widget elementor-widget-text-editor\" data-id=\"234a7058\" data-element_type=\"widget\" data-widget_type=\"text-editor.default\">\n\t\t\t\t<div class=\"elementor-widget-container\">\n\t\t\t\t\t\t\t<p class=\"cvGsUA direction-ltr align-justify para-style-body\"><strong><span class=\"a_GcMg font-feature-liga-off font-feature-clig-off font-feature-calt-off text-decoration-none text-strikethrough-none\">Co-directeur d\u2019Esp\u00e8ces d\u2019Espaces<br \/><\/span><\/strong><span class=\"a_GcMg font-feature-liga-off font-feature-clig-off font-feature-calt-off text-decoration-none text-strikethrough-none\"><strong>Auteur, metteur en sc\u00e8ne, r\u00e9alisateur, monteur et com\u00e9dien \u00e0<\/strong> <strong>ses heures.<\/strong><\/span><\/p><p class=\"cvGsUA direction-ltr align-justify para-style-body\"><span class=\"a_GcMg font-feature-liga-off font-feature-clig-off font-feature-calt-off text-decoration-none text-strikethrough-none\">Il fonde la compagnie Esp\u00e8ces d&rsquo;Espaces en 2019 aux c\u00f4t\u00e9s de <\/span><span class=\"a_GcMg font-feature-liga-off font-feature-clig-off font-feature-calt-off text-decoration-none text-strikethrough-none\">Florentin Guesdon.<\/span><span class=\"a_GcMg font-feature-liga-off font-feature-clig-off font-feature-calt-off text-decoration-none text-strikethrough-none\"> La rencontre a lieu deux ans plus t\u00f4t, autour d&rsquo;une r\u00e9sidence artistique de territoire \u00e0 Nantes, sa toute nouvelle ville d&rsquo;adoption. Il imagine une projection vid\u00e9o sur une biblioth\u00e8que g\u00e9ante et cherche un constructeur qui rel\u00e8ve le d\u00e9fi . C&rsquo;est ainsi que leurs parcours se croisent. Il est s\u00e9duit par l&rsquo;amour que Florentin voue aux accessoires, par son talent \u00e0 tout fabriquer de presque rien, avec une grande exigence. Jean-Marc voit dans cette rencontre la possibilit\u00e9 de mettre en volume des imaginaires, de faire jaillir les images hors des \u00e9crans.<\/span><\/p><p class=\"cvGsUA direction-ltr align-justify para-style-body\"><span class=\"a_GcMg font-feature-liga-off font-feature-clig-off font-feature-calt-off text-decoration-none text-strikethrough-none\">De la fabrication d&rsquo;entresorts, aux projets artistique de territoire in situ, \u00e0 la cr\u00e9ation de spectacles, le parcours d&rsquo;Esp\u00e8ces d&rsquo;Espaces est dense, riche et entra\u00eenant. Il a pour socle <\/span><span class=\"a_GcMg font-feature-liga-off font-feature-clig-off font-feature-calt-off text-decoration-none text-strikethrough-none\">l&rsquo;amour du cin\u00e9ma<\/span><span class=\"a_GcMg font-feature-liga-off font-feature-clig-off font-feature-calt-off text-decoration-none text-strikethrough-none\">, du processus de cr\u00e9ation, de la <\/span><span class=\"a_GcMg font-feature-liga-off font-feature-clig-off font-feature-calt-off text-decoration-none text-strikethrough-none\">fabrication \u00e0 vue<\/span><span class=\"a_GcMg font-feature-liga-off font-feature-clig-off font-feature-calt-off text-decoration-none text-strikethrough-none\"> et du <\/span><span class=\"a_GcMg font-feature-liga-off font-feature-clig-off font-feature-calt-off text-decoration-none text-strikethrough-none\">partage avec les gens.<\/span><\/p><p class=\"cvGsUA direction-ltr align-justify para-style-body\"><span class=\"a_GcMg font-feature-liga-off font-feature-clig-off font-feature-calt-off text-decoration-none text-strikethrough-none\">Les premiers pas dans l&rsquo;univers des tournages ont lieu tr\u00e8s t\u00f4t, comme stagiaire \u00e0 la r\u00e9gie sur les films de son p\u00e8re, producteur d&rsquo;attractions pour le <\/span><span class=\"a_GcMg font-feature-liga-off font-feature-clig-off font-feature-calt-off text-decoration-none text-strikethrough-none\">Futuroscope<\/span><span class=\"a_GcMg font-feature-liga-off font-feature-clig-off font-feature-calt-off text-decoration-none text-strikethrough-none\"> de Poitiers. Il y d\u00e9couvre le cin\u00e9ma, les studios et la sc\u00e9nographie. C&rsquo;est une approche particuli\u00e8re, en ce sens o\u00f9 l&rsquo;image est au service d&rsquo;une attraction et donc d&rsquo;un rapport au vivant. Il y travaille pendant quinze ans<\/span> <span class=\"a_GcMg font-feature-liga-off font-feature-clig-off font-feature-calt-off text-decoration-none text-strikethrough-none\">et<\/span> <span class=\"a_GcMg font-feature-liga-off font-feature-clig-off font-feature-calt-off text-decoration-none text-strikethrough-none\">con\u00e7oit des dispositifs vid\u00e9o, et sc\u00e9narise plusieurs attractions avant de prendre son envol.<\/span><\/p><p class=\"cvGsUA direction-ltr align-justify para-style-body\"><span class=\"a_GcMg font-feature-liga-off font-feature-clig-off font-feature-calt-off text-decoration-none text-strikethrough-none\">Il m\u00e8ne ensuite sa barque en solo et devient cadreur, monteur, mixeur. Il se frotte \u00e0 la musique : joueur de derbouka, trompettiste, clarinettiste, pianiste sans jamais vraiment savoir jouer plus d&rsquo;un morceau. Il suit des cours de th\u00e9\u00e2tre, et d\u00e9couvre la ligue d&rsquo;improvisation, dans laquelle sa nature de dyslexique parvient \u00e0 trouver sa voix.<\/span><\/p><p class=\"cvGsUA direction-ltr align-justify para-style-body\"><span class=\"a_GcMg font-feature-liga-off font-feature-clig-off font-feature-calt-off text-decoration-none text-strikethrough-none\">Il s&rsquo;expatrie quelques ann\u00e9es en Italie, en qu\u00eate de ses racines paternelles, et tombe amoureux de la dolce vita, des p\u00e2tes<\/span> <span class=\"a_GcMg font-feature-liga-off font-feature-clig-off font-feature-calt-off text-decoration-none text-strikethrough-none\">et de la com\u00e9die \u00e0 l&rsquo;italienne, dont il d\u00e9vore les classiques. Il trouve dans ce style \u2014 la tragi-com\u00e9die \u2014 un \u00e9quilibre qui lui semble \u00eatre une parfaite synth\u00e8se de ce qu&rsquo;il per\u00e7oit du monde.<\/span><\/p><p class=\"cvGsUA direction-ltr align-justify para-style-body\"><span class=\"a_GcMg font-feature-liga-off font-feature-clig-off font-feature-calt-off text-decoration-none text-strikethrough-none\">De retour en France, il d\u00e9couvre le <\/span><span class=\"a_GcMg font-feature-liga-off font-feature-clig-off font-feature-calt-off text-decoration-none text-strikethrough-none\">mapping vid\u00e9o<\/span><span class=\"a_GcMg font-feature-liga-off font-feature-clig-off font-feature-calt-off text-decoration-none text-strikethrough-none\"> lors d&rsquo;une collaboration avec une compagnie de th\u00e9\u00e2tre. Il renoue avec le spectacle vivant et voit dans la fabrication de d\u00e9cors vid\u00e9o live un fantastique terrain de jeu qui l&rsquo;anime toujours.<\/span><\/p><p class=\"cvGsUA direction-ltr align-justify para-style-body\"><span class=\"a_GcMg font-feature-liga-off font-feature-clig-off font-feature-calt-off text-decoration-none text-strikethrough-none\">Il s&rsquo;investit dans les r\u00e9sidences artistiques de territoire, avec diff\u00e9rents <\/span><span class=\"a_GcMg font-feature-liga-off font-feature-clig-off font-feature-calt-off text-decoration-none text-strikethrough-none\">publics amateurs<\/span><span class=\"a_GcMg font-feature-liga-off font-feature-clig-off font-feature-calt-off text-decoration-none text-strikethrough-none\"> dont il appr\u00e9cie le c\u00f4t\u00e9 brut. Il aime, dans ces formes de projets, le c\u00f4t\u00e9 performatif, le d\u00e9fi de cr\u00e9er avec une mati\u00e8re fragile qui pousse \u00e0 la d\u00e9brouille \u2014 et \u00e0 utiliser la contrainte comme souffle cr\u00e9ateur.<\/span><\/p><p class=\"cvGsUA direction-ltr align-justify para-style-body\"><span class=\"a_GcMg font-feature-liga-off font-feature-clig-off font-feature-calt-off text-decoration-none text-strikethrough-none\">Il incarne aujourd&rsquo;hui le personnage fictif de <\/span><span class=\"a_GcMg font-feature-liga-off font-feature-clig-off font-feature-calt-off text-decoration-none text-strikethrough-none\">Pippo Taleggio<\/span><span class=\"a_GcMg font-feature-liga-off font-feature-clig-off font-feature-calt-off text-decoration-none text-strikethrough-none\">, r\u00e9alisateur fantasque et intr\u00e9pide, qui le tire par le bras et le fait sortir de sa zone de confort. Il l&rsquo;entra\u00eene dans sa course folle, \u00e0 la mani\u00e8re de Vittorio Gassman et Jean-Louis Trintignant dans Le Fanfaron de Dino Risi; il lui permet de faire sonner le clich\u00e9 de l&rsquo;Italien tapi au fond de lui, \u00e0 la mani\u00e8re d\u2019Alberto Sordi dans Un americano a Roma de Steno, fait r\u00e9sonner sa fragilit\u00e9, c\u00e9l\u00e8bre sa dyslexie et son humour.<\/span><\/p>\t\t\t\t\t\t<\/div>\n\t\t\t\t<\/div>\n\t\t\t\t<\/div>\n\t\t<div class=\"elementor-element elementor-element-97ea911 e-con-full e-flex e-con e-child\" data-id=\"97ea911\" data-element_type=\"container\" data-settings=\"{&quot;content_width&quot;:&quot;full&quot;}\">\n\t\t\t\t<div class=\"elementor-element elementor-element-b0eba97 elementor-widget elementor-widget-heading\" data-id=\"b0eba97\" data-element_type=\"widget\" data-widget_type=\"heading.default\">\n\t\t\t\t<div class=\"elementor-widget-container\">\n\t\t\t<h3 class=\"elementor-heading-title elementor-size-default\">Florentin Guesdon<\/h3>\t\t<\/div>\n\t\t\t\t<\/div>\n\t\t\t\t<div class=\"elementor-element elementor-element-7694fbd2 elementor-widget elementor-widget-text-editor\" data-id=\"7694fbd2\" data-element_type=\"widget\" data-widget_type=\"text-editor.default\">\n\t\t\t\t<div class=\"elementor-widget-container\">\n\t\t\t\t\t\t\t<p class=\"cvGsUA direction-ltr align-justify para-style-body\"><strong><span class=\"a_GcMg font-feature-liga-off font-feature-clig-off font-feature-calt-off text-decoration-none text-strikethrough-none\">Co-directeur d\u2019Esp\u00e8ces d\u2019Espaces<br \/><\/span><\/strong><span class=\"a_GcMg font-feature-liga-off font-feature-clig-off font-feature-calt-off text-decoration-none text-strikethrough-none\"><strong>Auteur, metteur en sc\u00e8ne, sc\u00e9nographe, constructeur,<\/strong> <strong>accessoiriste<\/strong><\/span><\/p><p class=\"cvGsUA direction-ltr align-justify para-style-body\"><span class=\"a_GcMg font-feature-liga-off font-feature-clig-off font-feature-calt-off text-decoration-none text-strikethrough-none\">Il fonde la compagnie <\/span><span class=\"a_GcMg font-feature-liga-off font-feature-clig-off font-feature-calt-off text-decoration-none text-strikethrough-none\">Esp\u00e8ces d&rsquo;Espaces<\/span><span class=\"a_GcMg font-feature-liga-off font-feature-clig-off font-feature-calt-off text-decoration-none text-strikethrough-none\"> en 2019 aux c\u00f4t\u00e9s de <\/span><span class=\"a_GcMg font-feature-liga-off font-feature-clig-off font-feature-calt-off text-decoration-none text-strikethrough-none\">Jean Marc Besenval<\/span><span class=\"a_GcMg font-feature-liga-off font-feature-clig-off font-feature-calt-off text-decoration-none text-strikethrough-none\">, avec l\u2019envie de faire se rencontrer le cin\u00e9ma et le spectacle pour fabriquer \u00ab un cin\u00e9ma-vivant \u00bb. Avec ce projet il s\u2019aventure \u00e0 pr\u00e9sent enti\u00e8rement \u00e0 la cr\u00e9ation et signe ses premiers spectacles en tant que co-auteur et co-metteur sc\u00e8ne (<em>En <\/em><\/span><em><span class=\"a_GcMg font-feature-liga-off font-feature-clig-off font-feature-calt-off text-decoration-none text-strikethrough-none\">Attendant La Vague<\/span><span class=\"a_GcMg font-feature-liga-off font-feature-clig-off font-feature-calt-off text-decoration-none text-strikethrough-none\">,<\/span> <span class=\"a_GcMg font-feature-liga-off font-feature-clig-off font-feature-calt-off text-decoration-none text-strikethrough-none\">Chemin Faisant<\/span><span class=\"a_GcMg font-feature-liga-off font-feature-clig-off font-feature-calt-off text-decoration-none text-strikethrough-none\">, <\/span><span class=\"a_GcMg font-feature-liga-off font-feature-clig-off font-feature-calt-off text-decoration-none text-strikethrough-none\">Avant l\u2019Aube<\/span><\/em><span class=\"a_GcMg font-feature-liga-off font-feature-clig-off font-feature-calt-off text-decoration-none text-strikethrough-none\">).<\/span><\/p><p class=\"cvGsUA direction-ltr align-justify para-style-body\"><span class=\"a_GcMg font-feature-liga-off font-feature-clig-off font-feature-calt-off text-decoration-none text-strikethrough-none\">Petit dernier d&rsquo;une fratrie de quatre, Florentin a grandi dans un village du Nord mayenne. Il suit ses 3 grandes s\u0153urs pour bricoler dans un hangar du <\/span><span class=\"a_GcMg font-feature-liga-off font-feature-clig-off font-feature-calt-off text-decoration-none text-strikethrough-none\">festival des Foins de la rue<\/span><span class=\"a_GcMg font-feature-liga-off font-feature-clig-off font-feature-calt-off text-decoration-none text-strikethrough-none\"> qu&rsquo;elles avaient initi\u00e9 avec leurs potes. \u00c0 12 ans Florentin d\u00e9couvre sa premi\u00e8re girafe grandeur nature mais en papier m\u00e2ch\u00e9, il voit son village se transformer avec de grands chapiteaux et y d\u00e9couvre les arts de la rue des ann\u00e9es 2000&#8230;.<\/span><\/p><p class=\"cvGsUA direction-ltr align-justify para-style-body\"><span class=\"a_GcMg font-feature-liga-off font-feature-clig-off font-feature-calt-off text-decoration-none text-strikethrough-none\">Ses s\u0153urs parties \u00e0 l\u2019internat, il se retrouve fils unique et rompt l\u2019ennui en d\u00e9couvrant le cin\u00e9ma et en faisant du v\u00e9lo. Son grand-p\u00e8re amoureux du v\u00e9lo mais mauvais bricoleur lui transmet l\u2019amour des voyages \u00e0 v\u00e9lo avec bricolage de survie \u00e0 coup d\u2019\u00e9lastiques et de conserves sur le bord de la route. Il s&rsquo;approprie ce pr\u00e9cepte de \u00ab savoir tout faire avec rien ou rien avec tout \u00bb. Avec lui Florentin r\u00e9alise ses premiers road-movie en traversant la Mayenne puis la France dans toutes ses diagonales.<\/span><\/p><p class=\"cvGsUA direction-ltr align-justify para-style-body\"><span class=\"a_GcMg font-feature-liga-off font-feature-clig-off font-feature-calt-off text-decoration-none text-strikethrough-none\">Quelques ann\u00e9es plus tard et quelques dipl\u00f4mes en poche : licence arts du spectacle parcours cin\u00e9ma, CAP \u00c9b\u00e9nisterie, Dipl\u00f4me de technicien machiniste-constructeur, effet sp\u00e9ciste&#8230;c&rsquo;est de l\u00e0 que lui vaudra son surnom de \u00ab couteau suisse mayennais \u00bb.<\/span><\/p><p class=\"cvGsUA direction-ltr align-justify para-style-body\"><span class=\"a_GcMg font-feature-liga-off font-feature-clig-off font-feature-calt-off text-decoration-none text-strikethrough-none\">C\u2019est le point de de\u0301part d\u2019un parcours jalonne\u0301 de multiples expe\u0301riences dans diffe\u0301rentes ateliers, compagnies et sur des tournages en tant que constructeur. (<\/span><span class=\"a_GcMg font-feature-liga-off font-feature-clig-off font-feature-calt-off text-decoration-none text-strikethrough-none\">The\u0301a\u0302tre National de la Colline, The\u0301a\u0302tre du Soleil, Le Blanc des Yeux, Mash-Up production<\/span><span class=\"a_GcMg font-feature-liga-off font-feature-clig-off font-feature-calt-off text-decoration-none text-strikethrough-none\">&#8230;).<\/span><\/p><p class=\"cvGsUA direction-ltr align-justify para-style-body\"><span class=\"a_GcMg font-feature-liga-off font-feature-clig-off font-feature-calt-off text-decoration-none text-strikethrough-none\">En paralle\u0300le de son activite\u0301 de constructeur de d\u00e9cors, d\u00e8s 2012 il commence \u00e0 de\u0301velopper une expe\u0301rience plus personnelle de la sce\u0301nographie gra\u0302ce a\u0300 son implication dans des projets pluridisciplinaires me\u0302lant les arts-plastiques et le the\u0301a\u0302tre et se d\u00e9ployant en espace public. C\u2019est dans cette dynamique qu\u2019il commence \u00e0 collaborer avec des compagnies issues des arts de la rue (<\/span><span class=\"a_GcMg font-feature-liga-off font-feature-clig-off font-feature-calt-off text-decoration-none text-strikethrough-none\">Fer a\u0300 coudre<\/span><span class=\"a_GcMg font-feature-liga-off font-feature-clig-off font-feature-calt-off text-decoration-none text-strikethrough-none\">, <\/span><span class=\"a_GcMg font-feature-liga-off font-feature-clig-off font-feature-calt-off text-decoration-none text-strikethrough-none\">Les Armoires Pleines<\/span><span class=\"a_GcMg font-feature-liga-off font-feature-clig-off font-feature-calt-off text-decoration-none text-strikethrough-none\">, <\/span><span class=\"a_GcMg font-feature-liga-off font-feature-clig-off font-feature-calt-off text-decoration-none text-strikethrough-none\">collectif Luciolla<\/span><span class=\"a_GcMg font-feature-liga-off font-feature-clig-off font-feature-calt-off text-decoration-none text-strikethrough-none\">, <\/span><span class=\"a_GcMg font-feature-liga-off font-feature-clig-off font-feature-calt-off text-decoration-none text-strikethrough-none\">Pick Up production VS Transfert<\/span><span class=\"a_GcMg font-feature-liga-off font-feature-clig-off font-feature-calt-off text-decoration-none text-strikethrough-none\">). Il retrouve l&rsquo;\u00e9quipe artistique des Armoires pleines en tant que regard ext\u00e9rieur sur leur prochaine cr\u00e9ation <\/span><em><span class=\"a_GcMg font-feature-liga-off font-feature-clig-off font-feature-calt-off text-decoration-none text-strikethrough-none\">Orage<\/span><\/em><span class=\"a_GcMg font-feature-liga-off font-feature-clig-off font-feature-calt-off text-decoration-none text-strikethrough-none\"> (cr\u00e9ation 2027).<\/span><\/p><p class=\"cvGsUA direction-ltr align-justify para-style-body\"><span class=\"a_GcMg font-feature-liga-off font-feature-clig-off font-feature-calt-off text-decoration-none text-strikethrough-none\">Dans sa pratique sc\u00e9nographique Florentin s\u2019inte\u0301resse particulie\u0300rement a\u0300 la place du public et a\u0300 la possibilite\u0301 d\u2019une interaction avec la proposition. Il garde le go\u00fbt de la bricole qu&rsquo;il a envie de partager avec le public.<\/span><\/p><p class=\"cvGsUA direction-ltr align-justify para-style-body\"><span class=\"a_GcMg font-feature-liga-off font-feature-clig-off font-feature-calt-off text-decoration-none text-strikethrough-none\">Afin d\u2019exp\u00e9rimenter et de d\u00e9velopper des projets culturels et artistiques il cofonde avec <\/span><span class=\"a_GcMg font-feature-liga-off font-feature-clig-off font-feature-calt-off text-decoration-none text-strikethrough-none\">Jules Infante<\/span><span class=\"a_GcMg font-feature-liga-off font-feature-clig-off font-feature-calt-off text-decoration-none text-strikethrough-none\"> l\u2019association du <\/span><span class=\"a_GcMg font-feature-liga-off font-feature-clig-off font-feature-calt-off text-decoration-none text-strikethrough-none\">Bureau d\u2019\u00c9tudes Spatiales<\/span><span class=\"a_GcMg font-feature-liga-off font-feature-clig-off font-feature-calt-off text-decoration-none text-strikethrough-none\"> en 2014 \u00e0 Nantes. En jouant le jeu du collectif, il \u00e9crit des projets sur mesure et d\u00e9mesur\u00e9, joue des imaginaires, s&rsquo;inspire de l&rsquo;\u00e9ducation populaire, s&rsquo;attache \u00e0 f\u00e9d\u00e9rer \u00e0 travers des aventures communes.<\/span><\/p><p class=\"cvGsUA direction-ltr align-justify para-style-body\"><span class=\"a_GcMg font-feature-liga-off font-feature-clig-off font-feature-calt-off text-decoration-none text-strikethrough-none\">Jusqu\u2019en 2020, comme codirecteur de l\u2019association il imagine et r\u00e9alise des projets transdisciplinaires tels que le <\/span><span class=\"a_GcMg font-feature-liga-off font-feature-clig-off font-feature-calt-off text-decoration-none text-strikethrough-none\">KinoScop<\/span> <span class=\"a_GcMg font-feature-liga-off font-feature-clig-off font-feature-calt-off text-decoration-none text-strikethrough-none\">(cr\u00e9ation artistique et premi\u00e8res exp\u00e9rimentations d&rsquo;un \u00ab cin\u00e9ma vivant \u00bb), <\/span><span class=\"a_GcMg font-feature-liga-off font-feature-clig-off font-feature-calt-off text-decoration-none text-strikethrough-none\">L\u2019atelier du Pignon<\/span><span class=\"a_GcMg font-feature-liga-off font-feature-clig-off font-feature-calt-off text-decoration-none text-strikethrough-none\"> (atelier d\u2019auto r\u00e9paration de v\u00e9lo), <\/span><span class=\"a_GcMg font-feature-liga-off font-feature-clig-off font-feature-calt-off text-decoration-none text-strikethrough-none\">Les Ateliers Magellan<\/span><span class=\"a_GcMg font-feature-liga-off font-feature-clig-off font-feature-calt-off text-decoration-none text-strikethrough-none\"> (tiers lieu culturel et lieu de fabrique pour les arts de la rue en centre ville de Nantes), <\/span><span class=\"a_GcMg font-feature-liga-off font-feature-clig-off font-feature-calt-off text-decoration-none text-strikethrough-none\">Festival Nuit Filante<\/span><span class=\"a_GcMg font-feature-liga-off font-feature-clig-off font-feature-calt-off text-decoration-none text-strikethrough-none\"> (festival artistique pluridisciplinaire).<\/span><\/p><p class=\"cvGsUA direction-ltr align-justify para-style-body\"><span class=\"a_GcMg font-feature-liga-off font-feature-clig-off font-feature-calt-off text-decoration-none text-strikethrough-none\">D\u00e9bordant d&rsquo;\u00e9nergie il tente de trouver l&rsquo;\u00e9quilibre depuis plusieurs ann\u00e9es en buvant 1 litre par jour de son breuvage pr\u00e9f\u00e9r\u00e9 la tisane \u00ab calmetoux \u00bb.<\/span><\/p>\t\t\t\t\t\t<\/div>\n\t\t\t\t<\/div>\n\t\t\t\t<\/div>\n\t\t<div class=\"elementor-element elementor-element-21c81bdc e-con-full e-flex e-con e-child\" data-id=\"21c81bdc\" data-element_type=\"container\" data-settings=\"{&quot;content_width&quot;:&quot;full&quot;}\">\n\t\t\t\t<div class=\"elementor-element elementor-element-6e80fd81 elementor-widget elementor-widget-heading\" data-id=\"6e80fd81\" data-element_type=\"widget\" data-widget_type=\"heading.default\">\n\t\t\t\t<div class=\"elementor-widget-container\">\n\t\t\t<h3 class=\"elementor-heading-title elementor-size-default\">Zo\u00e9 Jarry<\/h3>\t\t<\/div>\n\t\t\t\t<\/div>\n\t\t\t\t<div class=\"elementor-element elementor-element-261b540d elementor-widget__width-initial elementor-widget elementor-widget-text-editor\" data-id=\"261b540d\" data-element_type=\"widget\" data-widget_type=\"text-editor.default\">\n\t\t\t\t<div class=\"elementor-widget-container\">\n\t\t\t\t\t\t\t<p><span style=\"font-style: inherit; text-align: var(--text-align); color: var(--ast-global-color-3);\"><b>Charg\u00e9e de production d\u2019Esp\u00e8ces d\u2019Espaces &amp; collaboration artistique&nbsp;<\/b><\/span><\/p>\n<p><span style=\"font-style: inherit; font-weight: inherit; text-align: var(--text-align); color: var(--ast-global-color-3);\">Apr\u00e8s un Master en Management de projets culturels, Zo\u00e9 Jarry travaille en tant que charg\u00e9e de production pour des compagnies de spectacle vivant (La Volige, Le Beau Monde ?, compagnie ISI) et pour des festivals (festival Traverse !, festival Utopie Point Z\u00e9ro).<\/span><\/p>\n<p>Elle aime les projets au long cours, qui font la part belle \u00e0 l\u2019itin\u00e9rance, au lien avec les territoires et leurs habitants, souvent en milieu rural. A ce titre, elle prend part \u00e0 la coordination de plusieurs manifestations culturelles : la Tourn\u00e9e des Caf\u00e9s Oubli\u00e9s avec la compagnie La Volige de (r\u00e9ouverture \u00e9ph\u00e9m\u00e8re de caf\u00e9s ferm\u00e9s dans des villages avec programmation artistique, de 2016 \u00e0 2019), Traverse ! festival itin\u00e9rant des arts de la parole (spectacles programm\u00e9s dans des lieux non-d\u00e9di\u00e9s, en campagne, de 2017 \u00e0 2019). En 2021, elle organise une tourn\u00e9e de 15 jours \u00e0 pied le long de la rivi\u00e8re S\u00e8vre Nantaise, avec le cin\u00e9-concert <i>Exuvie<\/i>, un projet qui entrem\u00eale spectacle vivant et valorisation des patrimoines naturel et culturel.<\/p>\n<p>Depuis 2022, elle travaille avec Esp\u00e8ces d\u2019Espaces pour d\u00e9velopper les exp\u00e9riences en espace public urbain et rural, entre cr\u00e9ations in situ et projets de territoire. Aux c\u00f4t\u00e9s de Jean-Marc et Florentin, elle participe \u00e0 l&rsquo;\u00e9criture des projets et \u00e0 leur coordination. Elle am\u00e8ne sa sensibilit\u00e9 pour le collectage mais aussi les \u00e9critures multi-m\u00e9dias. A leurs c\u00f4t\u00e9s, elle met en r\u00e9cit et documente la fabrique de l&rsquo;imaginaire, du processus cr\u00e9atif et cr\u00e9e des traces du lien aux territoires.<\/p>\n<p><br><\/p>\t\t\t\t\t\t<\/div>\n\t\t\t\t<\/div>\n\t\t\t\t<\/div>\n\t\t\t\t\t<\/div>\n\t\t\t\t<\/div>\n\t\t\t\t<section class=\"elementor-section elementor-top-section elementor-element elementor-element-693de4e1 elementor-section-content-middle elementor-section-boxed elementor-section-height-default elementor-section-height-default\" data-id=\"693de4e1\" data-element_type=\"section\" data-settings=\"{&quot;background_background&quot;:&quot;classic&quot;}\">\n\t\t\t\t\t\t<div class=\"elementor-container elementor-column-gap-no\">\n\t\t\t\t\t<div class=\"elementor-column elementor-col-50 elementor-top-column elementor-element elementor-element-65286e9d\" data-id=\"65286e9d\" data-element_type=\"column\">\n\t\t\t<div class=\"elementor-widget-wrap elementor-element-populated\">\n\t\t\t\t\t\t\t\t<div class=\"elementor-element elementor-element-79e67b0b elementor-widget elementor-widget-heading\" data-id=\"79e67b0b\" data-element_type=\"widget\" data-widget_type=\"heading.default\">\n\t\t\t\t<div class=\"elementor-widget-container\">\n\t\t\t<h2 class=\"elementor-heading-title elementor-size-default\">Pour nous contacter :<\/h2>\t\t<\/div>\n\t\t\t\t<\/div>\n\t\t\t\t\t<\/div>\n\t\t<\/div>\n\t\t\t\t<div class=\"elementor-column elementor-col-50 elementor-top-column elementor-element elementor-element-7bdf9649\" data-id=\"7bdf9649\" data-element_type=\"column\">\n\t\t\t<div class=\"elementor-widget-wrap elementor-element-populated\">\n\t\t\t\t\t\t\t\t<div class=\"elementor-element elementor-element-115555a2 elementor-widget__width-initial elementor-widget elementor-widget-text-editor\" data-id=\"115555a2\" data-element_type=\"widget\" data-widget_type=\"text-editor.default\">\n\t\t\t\t<div class=\"elementor-widget-container\">\n\t\t\t\t\t\t\t<p><strong>Mail<br \/><\/strong><a href=\"mailto:especesdespacesprod@gmail.com\">especesdespacesprod@gmail.com<\/a><\/p><p><span style=\"font-weight: bold;\">Jean-Marc Besenval<br \/><\/span><span style=\"color: var(--ast-global-color-3); font-style: inherit; font-weight: inherit;\">06 03 90 08 79<\/span><\/p><p><strong>Florentin Guesdon<\/strong><br \/>06 70 87 85 32<\/p><p><strong style=\"font-style: inherit; color: var(--ast-global-color-3);\">Zo\u00e9 Jarry<br \/><\/strong><span style=\"font-style: inherit; font-weight: inherit; color: var(--ast-global-color-3);\">06 37 47 67 06<\/span><\/p>\t\t\t\t\t\t<\/div>\n\t\t\t\t<\/div>\n\t\t\t\t<div class=\"elementor-element elementor-element-2619b001 elementor-widget elementor-widget-text-editor\" data-id=\"2619b001\" data-element_type=\"widget\" data-widget_type=\"text-editor.default\">\n\t\t\t\t<div class=\"elementor-widget-container\">\n\t\t\t\t\t\t\t<p><b>Adresse <\/b>: La G\u00e9n\u00e9rale, 31 Rue Gabrielle le Pan de Ligny, 44000 Nantes\u00a0<\/p>\t\t\t\t\t\t<\/div>\n\t\t\t\t<\/div>\n\t\t\t\t\t<\/div>\n\t\t<\/div>\n\t\t\t\t\t\t\t<\/div>\n\t\t<\/section>\n\t\t<div class=\"elementor-element elementor-element-801d6aa e-flex e-con-boxed e-con e-parent\" data-id=\"801d6aa\" data-element_type=\"container\" data-settings=\"{&quot;content_width&quot;:&quot;boxed&quot;}\" data-core-v316-plus=\"true\">\n\t\t\t\t\t<div class=\"e-con-inner\">\n\t\t\t\t<div class=\"elementor-element elementor-element-486f815 elementor-widget elementor-widget-html\" data-id=\"486f815\" data-element_type=\"widget\" data-widget_type=\"html.default\">\n\t\t\t\t<div class=\"elementor-widget-container\">\n\t\t\t<iframe data-w-type=\"embedded\" frameborder=\"0\" scrolling=\"no\" marginheight=\"0\" marginwidth=\"0\" src=\"https:\/\/sxx0i.mjt.lu\/wgt\/sxx0i\/xgu8\/form?c=9409e5b6\" width=\"100%\" style=\"height: 0;\"><\/iframe>\r\n\r\n<script type=\"text\/javascript\" src=\"https:\/\/app.mailjet.com\/pas-nc-embedded-v1.js\"><\/script>\r\n\t\t<\/div>\n\t\t\t\t<\/div>\n\t\t\t\t\t<\/div>\n\t\t\t\t<\/div>\n\t\t<div class=\"elementor-element elementor-element-8d03766 e-flex e-con-boxed e-con e-parent\" data-id=\"8d03766\" data-element_type=\"container\" data-settings=\"{&quot;content_width&quot;:&quot;boxed&quot;}\" data-core-v316-plus=\"true\">\n\t\t\t\t\t<div class=\"e-con-inner\">\n\t\t\t\t<div class=\"elementor-element elementor-element-45b7bdd elementor-widget elementor-widget-image\" data-id=\"45b7bdd\" data-element_type=\"widget\" data-widget_type=\"image.default\">\n\t\t\t\t<div class=\"elementor-widget-container\">\n\t\t\t\t\t\t\t\t\t\t\t\t\t\t\t<img loading=\"lazy\" decoding=\"async\" width=\"1024\" height=\"768\" src=\"https:\/\/especesdespaces.com\/EE\/wp-content\/uploads\/2023\/10\/IMG_1235-1-1024x768.jpg\" class=\"attachment-large size-large wp-image-803\" alt=\"\" srcset=\"https:\/\/especesdespaces.com\/EE\/wp-content\/uploads\/2023\/10\/IMG_1235-1-1024x768.jpg 1024w, https:\/\/especesdespaces.com\/EE\/wp-content\/uploads\/2023\/10\/IMG_1235-1-300x225.jpg 300w, https:\/\/especesdespaces.com\/EE\/wp-content\/uploads\/2023\/10\/IMG_1235-1-768x576.jpg 768w, https:\/\/especesdespaces.com\/EE\/wp-content\/uploads\/2023\/10\/IMG_1235-1-1536x1152.jpg 1536w, https:\/\/especesdespaces.com\/EE\/wp-content\/uploads\/2023\/10\/IMG_1235-1.jpg 2016w\" sizes=\"auto, (max-width: 1024px) 100vw, 1024px\" \/>\t\t\t\t\t\t\t\t\t\t\t\t\t\t\t<\/div>\n\t\t\t\t<\/div>\n\t\t\t\t\t<\/div>\n\t\t\t\t<\/div>\n\t\t\t\t\t\t\t<\/div>\n\t\t","protected":false},"excerpt":{"rendered":"<p>La compagnie Esp\u00e8ces d&rsquo;Espaces, c\u2019est la rencontre de deux univers, celui du cin\u00e9ma et celui de la sc\u00e9nographie, incarn\u00e9s par Jean-Marc Besenval, r\u00e9alisateur-vid\u00e9aste, et Florentin Guesdon, sc\u00e9nographe-concepteur. Esp\u00e8ces d&rsquo;Espaces d\u00e9veloppe des formes spectaculaires hybrides m\u00ealant cin\u00e9ma live, cr\u00e9ation sonore, th\u00e9\u00e2tre et installations sc\u00e9nographiques.Les dispositifs sont pens\u00e9s pour et avec les participants. Le but :\u00a0r\u00e9v\u00e9ler la &hellip;<\/p>\n<p class=\"read-more\"> <a class=\"\" href=\"https:\/\/especesdespaces.com\/EE\/la-compagnie\/\"> <span class=\"screen-reader-text\">La compagnie<\/span> Lire la suite\u00a0\u00bb<\/a><\/p>\n","protected":false},"author":1,"featured_media":0,"parent":0,"menu_order":0,"comment_status":"closed","ping_status":"closed","template":"","meta":{"site-sidebar-layout":"no-sidebar","site-content-layout":"page-builder","ast-site-content-layout":"full-width-container","site-content-style":"default","site-sidebar-style":"default","ast-global-header-display":"","ast-banner-title-visibility":"","ast-main-header-display":"","ast-hfb-above-header-display":"","ast-hfb-below-header-display":"","ast-hfb-mobile-header-display":"","site-post-title":"disabled","ast-breadcrumbs-content":"","ast-featured-img":"disabled","footer-sml-layout":"","theme-transparent-header-meta":"","adv-header-id-meta":"","stick-header-meta":"","header-above-stick-meta":"","header-main-stick-meta":"","header-below-stick-meta":"","astra-migrate-meta-layouts":"set","ast-page-background-enabled":"default","ast-page-background-meta":{"desktop":{"background-color":"","background-image":"","background-repeat":"repeat","background-position":"center center","background-size":"auto","background-attachment":"scroll","background-type":"","background-media":"","overlay-type":"","overlay-color":"","overlay-gradient":""},"tablet":{"background-color":"","background-image":"","background-repeat":"repeat","background-position":"center center","background-size":"auto","background-attachment":"scroll","background-type":"","background-media":"","overlay-type":"","overlay-color":"","overlay-gradient":""},"mobile":{"background-color":"","background-image":"","background-repeat":"repeat","background-position":"center center","background-size":"auto","background-attachment":"scroll","background-type":"","background-media":"","overlay-type":"","overlay-color":"","overlay-gradient":""}},"ast-content-background-meta":{"desktop":{"background-color":"var(--ast-global-color-5)","background-image":"","background-repeat":"repeat","background-position":"center center","background-size":"auto","background-attachment":"scroll","background-type":"","background-media":"","overlay-type":"","overlay-color":"","overlay-gradient":""},"tablet":{"background-color":"var(--ast-global-color-5)","background-image":"","background-repeat":"repeat","background-position":"center center","background-size":"auto","background-attachment":"scroll","background-type":"","background-media":"","overlay-type":"","overlay-color":"","overlay-gradient":""},"mobile":{"background-color":"var(--ast-global-color-5)","background-image":"","background-repeat":"repeat","background-position":"center center","background-size":"auto","background-attachment":"scroll","background-type":"","background-media":"","overlay-type":"","overlay-color":"","overlay-gradient":""}},"footnotes":""},"class_list":["post-818","page","type-page","status-publish","hentry"],"yoast_head":"<!-- This site is optimized with the Yoast SEO plugin v21.5 - https:\/\/yoast.com\/wordpress\/plugins\/seo\/ -->\n<title>La compagnie - Esp\u00e8ces d&#039;Espaces<\/title>\n<meta name=\"description\" content=\"La compagnie Esp\u00e8ces d\u2019Espaces, c\u2019est la rencontre de deux univers, celui du cin\u00e9ma et celui de la sc\u00e9nographie, incarn\u00e9s par Jean-Marc Besenval, r\u00e9alisateur-vid\u00e9aste, et Florentin Guesdon, sc\u00e9nographe-concepteur. Esp\u00e8ces d\u2019Espaces d\u00e9veloppe des formes spectaculaires hybrides m\u00ealant cin\u00e9ma live, photo, cr\u00e9ation sonore, th\u00e9\u00e2tre et installations sc\u00e9nographiques.\" \/>\n<meta name=\"robots\" content=\"index, follow, max-snippet:-1, max-image-preview:large, max-video-preview:-1\" \/>\n<link rel=\"canonical\" href=\"https:\/\/especesdespaces.com\/EE\/la-compagnie\/\" \/>\n<meta property=\"og:locale\" content=\"fr_FR\" \/>\n<meta property=\"og:type\" content=\"article\" \/>\n<meta property=\"og:title\" content=\"La compagnie - Esp\u00e8ces d&#039;Espaces\" \/>\n<meta property=\"og:description\" content=\"La compagnie Esp\u00e8ces d\u2019Espaces, c\u2019est la rencontre de deux univers, celui du cin\u00e9ma et celui de la sc\u00e9nographie, incarn\u00e9s par Jean-Marc Besenval, r\u00e9alisateur-vid\u00e9aste, et Florentin Guesdon, sc\u00e9nographe-concepteur. Esp\u00e8ces d\u2019Espaces d\u00e9veloppe des formes spectaculaires hybrides m\u00ealant cin\u00e9ma live, photo, cr\u00e9ation sonore, th\u00e9\u00e2tre et installations sc\u00e9nographiques.\" \/>\n<meta property=\"og:url\" content=\"https:\/\/especesdespaces.com\/EE\/la-compagnie\/\" \/>\n<meta property=\"og:site_name\" content=\"Esp\u00e8ces d&#039;Espaces\" \/>\n<meta property=\"article:modified_time\" content=\"2026-04-14T07:58:34+00:00\" \/>\n<meta property=\"og:image\" content=\"https:\/\/especesdespaces.com\/EE\/wp-content\/uploads\/2023\/10\/IMG_2233-1024x683.jpg\" \/>\n<meta name=\"twitter:card\" content=\"summary_large_image\" \/>\n<meta name=\"twitter:label1\" content=\"Dur\u00e9e de lecture estim\u00e9e\" \/>\n\t<meta name=\"twitter:data1\" content=\"10 minutes\" \/>\n<script type=\"application\/ld+json\" class=\"yoast-schema-graph\">{\"@context\":\"https:\/\/schema.org\",\"@graph\":[{\"@type\":\"WebPage\",\"@id\":\"https:\/\/especesdespaces.com\/EE\/la-compagnie\/\",\"url\":\"https:\/\/especesdespaces.com\/EE\/la-compagnie\/\",\"name\":\"La compagnie - Esp\u00e8ces d&#039;Espaces\",\"isPartOf\":{\"@id\":\"https:\/\/especesdespaces.com\/EE\/#website\"},\"datePublished\":\"2023-10-30T17:17:14+00:00\",\"dateModified\":\"2026-04-14T07:58:34+00:00\",\"description\":\"La compagnie Esp\u00e8ces d\u2019Espaces, c\u2019est la rencontre de deux univers, celui du cin\u00e9ma et celui de la sc\u00e9nographie, incarn\u00e9s par Jean-Marc Besenval, r\u00e9alisateur-vid\u00e9aste, et Florentin Guesdon, sc\u00e9nographe-concepteur. Esp\u00e8ces d\u2019Espaces d\u00e9veloppe des formes spectaculaires hybrides m\u00ealant cin\u00e9ma live, photo, cr\u00e9ation sonore, th\u00e9\u00e2tre et installations sc\u00e9nographiques.\",\"breadcrumb\":{\"@id\":\"https:\/\/especesdespaces.com\/EE\/la-compagnie\/#breadcrumb\"},\"inLanguage\":\"fr-FR\",\"potentialAction\":[{\"@type\":\"ReadAction\",\"target\":[\"https:\/\/especesdespaces.com\/EE\/la-compagnie\/\"]}]},{\"@type\":\"BreadcrumbList\",\"@id\":\"https:\/\/especesdespaces.com\/EE\/la-compagnie\/#breadcrumb\",\"itemListElement\":[{\"@type\":\"ListItem\",\"position\":1,\"name\":\"Accueil\",\"item\":\"https:\/\/especesdespaces.com\/EE\/\"},{\"@type\":\"ListItem\",\"position\":2,\"name\":\"La compagnie\"}]},{\"@type\":\"WebSite\",\"@id\":\"https:\/\/especesdespaces.com\/EE\/#website\",\"url\":\"https:\/\/especesdespaces.com\/EE\/\",\"name\":\"Especes dEspaces\",\"description\":\"Collectif de cr\u00e9ation en espace public\",\"publisher\":{\"@id\":\"https:\/\/especesdespaces.com\/EE\/#organization\"},\"potentialAction\":[{\"@type\":\"SearchAction\",\"target\":{\"@type\":\"EntryPoint\",\"urlTemplate\":\"https:\/\/especesdespaces.com\/EE\/?s={search_term_string}\"},\"query-input\":\"required name=search_term_string\"}],\"inLanguage\":\"fr-FR\"},{\"@type\":\"Organization\",\"@id\":\"https:\/\/especesdespaces.com\/EE\/#organization\",\"name\":\"Especes dEspaces\",\"url\":\"https:\/\/especesdespaces.com\/EE\/\",\"logo\":{\"@type\":\"ImageObject\",\"inLanguage\":\"fr-FR\",\"@id\":\"https:\/\/especesdespaces.com\/EE\/#\/schema\/logo\/image\/\",\"url\":\"https:\/\/especesdespaces.com\/EE\/wp-content\/uploads\/2023\/10\/cropped-cropped-LogoEspecesDespacesPNG_B.png\",\"contentUrl\":\"https:\/\/especesdespaces.com\/EE\/wp-content\/uploads\/2023\/10\/cropped-cropped-LogoEspecesDespacesPNG_B.png\",\"width\":1887,\"height\":682,\"caption\":\"Especes dEspaces\"},\"image\":{\"@id\":\"https:\/\/especesdespaces.com\/EE\/#\/schema\/logo\/image\/\"}}]}<\/script>\n<!-- \/ Yoast SEO plugin. -->","yoast_head_json":{"title":"La compagnie - Esp\u00e8ces d&#039;Espaces","description":"La compagnie Esp\u00e8ces d\u2019Espaces, c\u2019est la rencontre de deux univers, celui du cin\u00e9ma et celui de la sc\u00e9nographie, incarn\u00e9s par Jean-Marc Besenval, r\u00e9alisateur-vid\u00e9aste, et Florentin Guesdon, sc\u00e9nographe-concepteur. Esp\u00e8ces d\u2019Espaces d\u00e9veloppe des formes spectaculaires hybrides m\u00ealant cin\u00e9ma live, photo, cr\u00e9ation sonore, th\u00e9\u00e2tre et installations sc\u00e9nographiques.","robots":{"index":"index","follow":"follow","max-snippet":"max-snippet:-1","max-image-preview":"max-image-preview:large","max-video-preview":"max-video-preview:-1"},"canonical":"https:\/\/especesdespaces.com\/EE\/la-compagnie\/","og_locale":"fr_FR","og_type":"article","og_title":"La compagnie - Esp\u00e8ces d&#039;Espaces","og_description":"La compagnie Esp\u00e8ces d\u2019Espaces, c\u2019est la rencontre de deux univers, celui du cin\u00e9ma et celui de la sc\u00e9nographie, incarn\u00e9s par Jean-Marc Besenval, r\u00e9alisateur-vid\u00e9aste, et Florentin Guesdon, sc\u00e9nographe-concepteur. Esp\u00e8ces d\u2019Espaces d\u00e9veloppe des formes spectaculaires hybrides m\u00ealant cin\u00e9ma live, photo, cr\u00e9ation sonore, th\u00e9\u00e2tre et installations sc\u00e9nographiques.","og_url":"https:\/\/especesdespaces.com\/EE\/la-compagnie\/","og_site_name":"Esp\u00e8ces d&#039;Espaces","article_modified_time":"2026-04-14T07:58:34+00:00","og_image":[{"url":"https:\/\/especesdespaces.com\/EE\/wp-content\/uploads\/2023\/10\/IMG_2233-1024x683.jpg"}],"twitter_card":"summary_large_image","twitter_misc":{"Dur\u00e9e de lecture estim\u00e9e":"10 minutes"},"schema":{"@context":"https:\/\/schema.org","@graph":[{"@type":"WebPage","@id":"https:\/\/especesdespaces.com\/EE\/la-compagnie\/","url":"https:\/\/especesdespaces.com\/EE\/la-compagnie\/","name":"La compagnie - Esp\u00e8ces d&#039;Espaces","isPartOf":{"@id":"https:\/\/especesdespaces.com\/EE\/#website"},"datePublished":"2023-10-30T17:17:14+00:00","dateModified":"2026-04-14T07:58:34+00:00","description":"La compagnie Esp\u00e8ces d\u2019Espaces, c\u2019est la rencontre de deux univers, celui du cin\u00e9ma et celui de la sc\u00e9nographie, incarn\u00e9s par Jean-Marc Besenval, r\u00e9alisateur-vid\u00e9aste, et Florentin Guesdon, sc\u00e9nographe-concepteur. Esp\u00e8ces d\u2019Espaces d\u00e9veloppe des formes spectaculaires hybrides m\u00ealant cin\u00e9ma live, photo, cr\u00e9ation sonore, th\u00e9\u00e2tre et installations sc\u00e9nographiques.","breadcrumb":{"@id":"https:\/\/especesdespaces.com\/EE\/la-compagnie\/#breadcrumb"},"inLanguage":"fr-FR","potentialAction":[{"@type":"ReadAction","target":["https:\/\/especesdespaces.com\/EE\/la-compagnie\/"]}]},{"@type":"BreadcrumbList","@id":"https:\/\/especesdespaces.com\/EE\/la-compagnie\/#breadcrumb","itemListElement":[{"@type":"ListItem","position":1,"name":"Accueil","item":"https:\/\/especesdespaces.com\/EE\/"},{"@type":"ListItem","position":2,"name":"La compagnie"}]},{"@type":"WebSite","@id":"https:\/\/especesdespaces.com\/EE\/#website","url":"https:\/\/especesdespaces.com\/EE\/","name":"Especes dEspaces","description":"Collectif de cr\u00e9ation en espace public","publisher":{"@id":"https:\/\/especesdespaces.com\/EE\/#organization"},"potentialAction":[{"@type":"SearchAction","target":{"@type":"EntryPoint","urlTemplate":"https:\/\/especesdespaces.com\/EE\/?s={search_term_string}"},"query-input":"required name=search_term_string"}],"inLanguage":"fr-FR"},{"@type":"Organization","@id":"https:\/\/especesdespaces.com\/EE\/#organization","name":"Especes dEspaces","url":"https:\/\/especesdespaces.com\/EE\/","logo":{"@type":"ImageObject","inLanguage":"fr-FR","@id":"https:\/\/especesdespaces.com\/EE\/#\/schema\/logo\/image\/","url":"https:\/\/especesdespaces.com\/EE\/wp-content\/uploads\/2023\/10\/cropped-cropped-LogoEspecesDespacesPNG_B.png","contentUrl":"https:\/\/especesdespaces.com\/EE\/wp-content\/uploads\/2023\/10\/cropped-cropped-LogoEspecesDespacesPNG_B.png","width":1887,"height":682,"caption":"Especes dEspaces"},"image":{"@id":"https:\/\/especesdespaces.com\/EE\/#\/schema\/logo\/image\/"}}]}},"_links":{"self":[{"href":"https:\/\/especesdespaces.com\/EE\/wp-json\/wp\/v2\/pages\/818","targetHints":{"allow":["GET"]}}],"collection":[{"href":"https:\/\/especesdespaces.com\/EE\/wp-json\/wp\/v2\/pages"}],"about":[{"href":"https:\/\/especesdespaces.com\/EE\/wp-json\/wp\/v2\/types\/page"}],"author":[{"embeddable":true,"href":"https:\/\/especesdespaces.com\/EE\/wp-json\/wp\/v2\/users\/1"}],"replies":[{"embeddable":true,"href":"https:\/\/especesdespaces.com\/EE\/wp-json\/wp\/v2\/comments?post=818"}],"version-history":[{"count":64,"href":"https:\/\/especesdespaces.com\/EE\/wp-json\/wp\/v2\/pages\/818\/revisions"}],"predecessor-version":[{"id":2082,"href":"https:\/\/especesdespaces.com\/EE\/wp-json\/wp\/v2\/pages\/818\/revisions\/2082"}],"wp:attachment":[{"href":"https:\/\/especesdespaces.com\/EE\/wp-json\/wp\/v2\/media?parent=818"}],"curies":[{"name":"wp","href":"https:\/\/api.w.org\/{rel}","templated":true}]}}